{"id":1731,"date":"2025-07-11T20:56:04","date_gmt":"2025-07-11T18:56:04","guid":{"rendered":"https:\/\/itsmyruum.com\/product\/briset\/"},"modified":"2026-03-06T18:32:50","modified_gmt":"2026-03-06T17:32:50","slug":"briset","status":"publish","type":"product","link":"https:\/\/itsmyruum.com\/en\/product\/briset\/","title":{"rendered":"Briset &#8211; B\u00e4ddsoffa med f\u00f6rvaring &#8211; H\u00f6rnsoffa"},"content":{"rendered":"<h3 class=\"\" data-start=\"135\" data-end=\"201\"><strong data-start=\"139\" data-end=\"201\">Bekv\u00e4m h\u00f6rnsoffa och b\u00e4ddsoffa till vardagsrummet \u2013 Briset<\/strong><\/h3>\n<p class=\"\" data-start=\"203\" data-end=\"339\">Letar du efter en soffa som kombinerar komfort, stil och funktionalitet? D\u00e5 \u00e4r h\u00f6rnsoffan Briset det perfekta valet f\u00f6r dig!<\/p>\n<p class=\"\" data-start=\"341\" data-end=\"743\">Briset \u00e4r en h\u00f6rnsoffa med en b\u00e4ddfunktion, vilket g\u00f6r den b\u00e5de praktisk och bekv\u00e4m. Den minimalistiska och eleganta designen passar perfekt i alla typer av vardagsrum. Med sin enkla form och stiliga detaljer blir den ett centralt inslag i rummet. Sitsen och ryggst\u00f6det \u00e4r tillverkade med T30-skum och v\u00e5gfj\u00e4drar, vilket ger b\u00e5de l\u00e5ngvarig h\u00e5llbarhet och enast\u00e5ende komfort.<\/p>\n<p class=\"\" data-start=\"745\" data-end=\"1041\">Den innovativa b\u00e4ddsoffafunktionen g\u00f6r att Briset enkelt kan omvandlas till en bekv\u00e4m sovplats f\u00f6r g\u00e4ster eller f\u00f6r den som beh\u00f6ver extra s\u00e4ngutrymme. Dessutom finns f\u00f6rvaringsutrymme f\u00f6r att f\u00f6rvara s\u00e4ngkl\u00e4der eller andra saker, vilket g\u00f6r soffan b\u00e5de funktionell och praktisk.<\/p>\n<p class=\"\" data-start=\"1043\" data-end=\"1194\">Briset kombinerar funktionalitet med modern design, vilket g\u00f6r den till det sj\u00e4lvklara valet f\u00f6r alla som s\u00f6ker en stilren och anv\u00e4ndbar m\u00f6bel.<\/p>\n<p data-start=\"2098\" data-end=\"2218\" data-is-last-node=\"\" data-is-only-node=\"\"><img decoding=\"async\" src=\"https:\/\/itsmyruum.com\/wp-content\/uploads\/2025\/07\/RUUM-BRISET-MATT.jpg?v=1742941231\" alt=\"\" \/><img decoding=\"async\" src=\"https:\/\/itsmyruum.com\/wp-content\/uploads\/2025\/07\/RUUM-BRISET-MATT-SANG.jpg?v=1742941230\" alt=\"\" \/><\/p>","protected":false},"excerpt":{"rendered":"<p>Bekv\u00e4m h\u00f6rnsoffa och b\u00e4ddsoffa till vardagsrummet \u2013 Briset Letar du efter en soffa som kombinerar komfort, stil och funktionalitet? D\u00e5<\/p>","protected":false},"featured_media":2706,"comment_status":"open","ping_status":"closed","template":"","meta":{"_acf_changed":false},"product_brand":[],"product_cat":[78,70,69,81,83,90,88],"product_tag":[],"class_list":{"0":"post-1731","1":"product","2":"type-product","3":"status-publish","4":"has-post-thumbnail","6":"product_cat-3-sits-soffor","7":"product_cat-alla-soffor","8":"product_cat-baddsoffor","9":"product_cat-divansoffor","10":"product_cat-hornsoffor","11":"product_cat-products","12":"product_cat-startsida","14":"first","15":"instock","16":"shipping-taxable","17":"purchasable","18":"product-type-variable"},"acf":[],"_links":{"self":[{"href":"https:\/\/itsmyruum.com\/en\/wp-json\/wp\/v2\/product\/1731","targetHints":{"allow":["GET"]}}],"collection":[{"href":"https:\/\/itsmyruum.com\/en\/wp-json\/wp\/v2\/product"}],"about":[{"href":"https:\/\/itsmyruum.com\/en\/wp-json\/wp\/v2\/types\/product"}],"replies":[{"embeddable":true,"href":"https:\/\/itsmyruum.com\/en\/wp-json\/wp\/v2\/comments?post=1731"}],"version-history":[{"count":1,"href":"https:\/\/itsmyruum.com\/en\/wp-json\/wp\/v2\/product\/1731\/revisions"}],"predecessor-version":[{"id":5201,"href":"https:\/\/itsmyruum.com\/en\/wp-json\/wp\/v2\/product\/1731\/revisions\/5201"}],"wp:featuredmedia":[{"embeddable":true,"href":"https:\/\/itsmyruum.com\/en\/wp-json\/wp\/v2\/media\/2706"}],"wp:attachment":[{"href":"https:\/\/itsmyruum.com\/en\/wp-json\/wp\/v2\/media?parent=1731"}],"wp:term":[{"taxonomy":"product_brand","embeddable":true,"href":"https:\/\/itsmyruum.com\/en\/wp-json\/wp\/v2\/product_brand?post=1731"},{"taxonomy":"product_cat","embeddable":true,"href":"https:\/\/itsmyruum.com\/en\/wp-json\/wp\/v2\/product_cat?post=1731"},{"taxonomy":"product_tag","embeddable":true,"href":"https:\/\/itsmyruum.com\/en\/wp-json\/wp\/v2\/product_tag?post=1731"}],"curies":[{"name":"wp","href":"https:\/\/api.w.org\/{rel}","templated":true}]}}