{"id":1991,"date":"2025-07-11T20:56:46","date_gmt":"2025-07-11T18:56:46","guid":{"rendered":"https:\/\/itsmyruum.com\/product\/koppla-6-sits-sv-rd-panell-rd-horna-rho-puff\/"},"modified":"2025-09-05T21:07:44","modified_gmt":"2025-09-05T19:07:44","slug":"koppla-6-sits-sv-rd-panell-rd-horna-rho-puff","status":"publish","type":"product","link":"https:\/\/itsmyruum.com\/en\/product\/koppla-6-sits-sv-rd-panell-rd-horna-rho-puff\/","title":{"rendered":"Koppla \u2013 6-sits modulsoffa (SV + RD + PANELL + RD + H\u00d6RNA + RH\u00d6 + PUFF)"},"content":{"rendered":"<p class=\"\" data-start=\"116\" data-end=\"189\"><strong data-start=\"116\" data-end=\"167\">7 moduler \u2013 M\u00e5tt: 454 \u00d7 261 \u00d7 87 cm (B \u00d7 D \u00d7 H)<\/strong><br data-start=\"167\" data-end=\"170\" \/><strong data-start=\"170\" data-end=\"189\">Sitth\u00f6jd: 45 cm<\/strong><\/p>\n<p class=\"\" data-start=\"191\" data-end=\"374\">Koppla 6-sits \u00e4r det ultimata valet f\u00f6r dig som vill ha en riktigt stor och flexibel soffl\u00f6sning med loungelook och plats f\u00f6r hela familjen \u2013 och g\u00e4sterna d\u00e4rtill. Den \u00e4r uppbyggd av:<\/p>\n<p class=\"\" data-start=\"378\" data-end=\"441\"><strong data-start=\"378\" data-end=\"384\">SV<\/strong>\u00a0= Sch\u00e4slong v\u00e4nster \u2013 f\u00f6r benstr\u00e4ckare och avslappning<br \/>\n<strong data-start=\"444\" data-end=\"455\">RD + RD<\/strong>\u00a0= Tv\u00e5 raka mittdelar \u2013 skapar rymd och riktning<br \/>\n<strong data-start=\"508\" data-end=\"518\">PANELL<\/strong>\u00a0= Panelmodul \u2013 ger luft och rytm mellan modulerna<br \/>\n<strong data-start=\"573\" data-end=\"582\">H\u00d6RNA<\/strong>\u00a0= Klassisk h\u00f6rnmodul \u2013 skapar naturlig samlingspunkt<br \/>\n<strong data-start=\"640\" data-end=\"647\">RH\u00d6<\/strong>\u00a0= Rak med \u00f6ppen h\u00f6ger \u2013 ett inbjudande avslut<br \/>\n<strong data-start=\"698\" data-end=\"706\">PUFF<\/strong>\u00a0= Frist\u00e5ende modul \u2013 perfekt som fotst\u00f6d eller extra sittplats<\/p>\n<p>Med sin l\u00e4ngd p\u00e5 \u00f6ver fem meter \u00e4r detta en soffa som fyller ut stora rum med stil. Tack vare panelmodulen och puffen f\u00e5r du b\u00e5de visuell l\u00e4tthet och praktisk flexibilitet.<\/p>\n<p class=\"\" data-start=\"947\" data-end=\"1126\">&#8211; 7 moduler: SV + RD + PANELL + RD + H\u00d6RNA + RH\u00d6 + PUFF<br data-start=\"1003\" data-end=\"1006\" \/>&#8211; Plats f\u00f6r 6 personer<br data-start=\"1029\" data-end=\"1032\" \/>&#8211; Gener\u00f6s, v\u00e4lbalanserad och otroligt m\u00e5ngsidig<\/p>","protected":false},"excerpt":{"rendered":"<p>7 moduler \u2013 M\u00e5tt: 454 \u00d7 261 \u00d7 87 cm (B \u00d7 D \u00d7 H)Sitth\u00f6jd: 45 cm Koppla 6-sits \u00e4r<\/p>","protected":false},"featured_media":3271,"comment_status":"open","ping_status":"closed","template":"","meta":{"_acf_changed":false},"product_brand":[],"product_cat":[70,81,83,85,90,88,89],"product_tag":[],"class_list":{"0":"post-1991","1":"product","2":"type-product","3":"status-publish","4":"has-post-thumbnail","6":"product_cat-alla-soffor","7":"product_cat-divansoffor","8":"product_cat-hornsoffor","9":"product_cat-modulsoffor","10":"product_cat-products","11":"product_cat-startsida","12":"product_cat-storre-soffor","14":"first","15":"instock","16":"shipping-taxable","17":"purchasable","18":"product-type-simple"},"acf":[],"_links":{"self":[{"href":"https:\/\/itsmyruum.com\/en\/wp-json\/wp\/v2\/product\/1991","targetHints":{"allow":["GET"]}}],"collection":[{"href":"https:\/\/itsmyruum.com\/en\/wp-json\/wp\/v2\/product"}],"about":[{"href":"https:\/\/itsmyruum.com\/en\/wp-json\/wp\/v2\/types\/product"}],"replies":[{"embeddable":true,"href":"https:\/\/itsmyruum.com\/en\/wp-json\/wp\/v2\/comments?post=1991"}],"version-history":[{"count":1,"href":"https:\/\/itsmyruum.com\/en\/wp-json\/wp\/v2\/product\/1991\/revisions"}],"predecessor-version":[{"id":4831,"href":"https:\/\/itsmyruum.com\/en\/wp-json\/wp\/v2\/product\/1991\/revisions\/4831"}],"wp:featuredmedia":[{"embeddable":true,"href":"https:\/\/itsmyruum.com\/en\/wp-json\/wp\/v2\/media\/3271"}],"wp:attachment":[{"href":"https:\/\/itsmyruum.com\/en\/wp-json\/wp\/v2\/media?parent=1991"}],"wp:term":[{"taxonomy":"product_brand","embeddable":true,"href":"https:\/\/itsmyruum.com\/en\/wp-json\/wp\/v2\/product_brand?post=1991"},{"taxonomy":"product_cat","embeddable":true,"href":"https:\/\/itsmyruum.com\/en\/wp-json\/wp\/v2\/product_cat?post=1991"},{"taxonomy":"product_tag","embeddable":true,"href":"https:\/\/itsmyruum.com\/en\/wp-json\/wp\/v2\/product_tag?post=1991"}],"curies":[{"name":"wp","href":"https:\/\/api.w.org\/{rel}","templated":true}]}}