{"id":2326,"date":"2025-07-11T20:57:20","date_gmt":"2025-07-11T18:57:20","guid":{"rendered":"https:\/\/itsmyruum.com\/product\/savlig\/"},"modified":"2025-11-24T22:07:58","modified_gmt":"2025-11-24T21:07:58","slug":"savlig","status":"publish","type":"product","link":"https:\/\/itsmyruum.com\/en\/product\/savlig\/","title":{"rendered":"S\u00e4vlig &#8211; S\u00e4ngram med f\u00f6rvaring"},"content":{"rendered":"<h2 class=\"\" data-start=\"160\" data-end=\"194\">S\u00e4vlig \u2013 vila i sitt eget tempo<\/h2>\n<p class=\"\" data-start=\"196\" data-end=\"450\">S\u00e4vlig \u00e4r s\u00e4ngen som bjuder in till stillhet. Den omfamnande designen och de mjuka linjerna skapar en k\u00e4nsla av lugn, som om tiden saktar ner n\u00e4r du n\u00e4rmar dig. En perfekt plats f\u00f6r \u00e5terh\u00e4mtning, avkoppling och djup s\u00f6mn \u2013 utan stress eller kompromisser.<\/p>\n<p class=\"\" data-start=\"452\" data-end=\"693\">Den gener\u00f6st vadderade ramen och s\u00e4nggaveln \u00e4r kl\u00e4dda i ett f\u00f6ljsamt tyg med mjuk struktur. Gaveln \u00e4r l\u00e4tt tillbakalutad f\u00f6r att ge sk\u00f6nt st\u00f6d n\u00e4r du sitter upp \u2013 oavsett om du dricker morgonkaffet i s\u00e4ngen eller avslutar kv\u00e4llen med en bok.<\/p>\n<p class=\"\" data-start=\"695\" data-end=\"880\">Under liggytan d\u00f6ljer sig ett praktiskt f\u00f6rvaringsutrymme med gott om plats f\u00f6r s\u00e4ngkl\u00e4der, extra t\u00e4cken eller andra textilier. Det fj\u00e4drade lyftsystemet g\u00f6r \u00f6ppningen enkel och smidig.<\/p>\n<p class=\"\" data-start=\"882\" data-end=\"1023\">S\u00e4vlig tillverkas i Europa med h\u00f6gsta kvalitet i fokus \u2013 och erbjuds i flera storlekar och tygalternativ f\u00f6r att passa ditt rum och din stil.<\/p>\n<p class=\"\" data-start=\"882\" data-end=\"1023\">T\u00e4nk p\u00e5 att madrass inte ing\u00e5r vid k\u00f6p av en s\u00e4ngram.<\/p>\n<p class=\"\" data-start=\"882\" data-end=\"1023\"><img decoding=\"async\" src=\"https:\/\/cdn.shopify.com\/s\/files\/1\/0914\/4945\/9070\/files\/RUUM-SAVLIG-MATT.jpg?v=1743509681\" alt=\"\" \/><\/p>","protected":false},"excerpt":{"rendered":"<p>S\u00e4vlig \u2013 vila i sitt eget tempo S\u00e4vlig \u00e4r s\u00e4ngen som bjuder in till stillhet. Den omfamnande designen och de<\/p>","protected":false},"featured_media":3229,"comment_status":"open","ping_status":"closed","template":"","meta":{"_acf_changed":false},"product_brand":[],"product_cat":[72,73,74,75,77,87,90,86,88],"product_tag":[],"class_list":{"0":"post-2326","1":"product","2":"type-product","3":"status-publish","4":"has-post-thumbnail","6":"product_cat-120x200cm","7":"product_cat-140x200cm","8":"product_cat-160x200cm","9":"product_cat-180x200cm","10":"product_cat-200x200cm","11":"product_cat-alla-sangar","12":"product_cat-products","13":"product_cat-ramsangar","14":"product_cat-startsida","16":"first","17":"instock","18":"shipping-taxable","19":"purchasable","20":"product-type-variable"},"acf":[],"_links":{"self":[{"href":"https:\/\/itsmyruum.com\/en\/wp-json\/wp\/v2\/product\/2326","targetHints":{"allow":["GET"]}}],"collection":[{"href":"https:\/\/itsmyruum.com\/en\/wp-json\/wp\/v2\/product"}],"about":[{"href":"https:\/\/itsmyruum.com\/en\/wp-json\/wp\/v2\/types\/product"}],"replies":[{"embeddable":true,"href":"https:\/\/itsmyruum.com\/en\/wp-json\/wp\/v2\/comments?post=2326"}],"version-history":[{"count":0,"href":"https:\/\/itsmyruum.com\/en\/wp-json\/wp\/v2\/product\/2326\/revisions"}],"wp:featuredmedia":[{"embeddable":true,"href":"https:\/\/itsmyruum.com\/en\/wp-json\/wp\/v2\/media\/3229"}],"wp:attachment":[{"href":"https:\/\/itsmyruum.com\/en\/wp-json\/wp\/v2\/media?parent=2326"}],"wp:term":[{"taxonomy":"product_brand","embeddable":true,"href":"https:\/\/itsmyruum.com\/en\/wp-json\/wp\/v2\/product_brand?post=2326"},{"taxonomy":"product_cat","embeddable":true,"href":"https:\/\/itsmyruum.com\/en\/wp-json\/wp\/v2\/product_cat?post=2326"},{"taxonomy":"product_tag","embeddable":true,"href":"https:\/\/itsmyruum.com\/en\/wp-json\/wp\/v2\/product_tag?post=2326"}],"curies":[{"name":"wp","href":"https:\/\/api.w.org\/{rel}","templated":true}]}}