{"id":2507,"date":"2025-03-28T00:24:52","date_gmt":"2025-03-27T22:24:52","guid":{"rendered":"https:\/\/itsmyruum.com\/product\/somnen\/"},"modified":"2025-08-26T22:44:45","modified_gmt":"2025-08-26T20:44:45","slug":"somnen","status":"publish","type":"product","link":"https:\/\/itsmyruum.com\/en\/product\/somnen\/","title":{"rendered":"S\u00f6mnen &#8211; Kontinentals\u00e4ng med f\u00f6rvaring"},"content":{"rendered":"<p class=\"\" data-start=\"70\" data-end=\"122\"><strong data-start=\"70\" data-end=\"122\">Skapa en modern sovmilj\u00f6 med s\u00e4ngmodellen S\u00f6mnen<\/strong><\/p>\n<p class=\"\" data-start=\"124\" data-end=\"401\">S\u00e4ngen S\u00f6mnen \u00e4r det perfekta valet f\u00f6r den som s\u00f6ker en modern design och maximal komfort under natten. Den kontinentala s\u00e4ngen med f\u00f6rvaring \u00e4r utrustad med tv\u00e5 praktiska l\u00e5dor f\u00f6r s\u00e4ngkl\u00e4der, vilket ger extra f\u00f6rvaringsutrymme och hj\u00e4lper till att h\u00e5lla ordning i sovrummet.<\/p>\n<p class=\"\" data-start=\"403\" data-end=\"718\">Huvudmadrassen \u00e4r 20 cm tjock och baseras p\u00e5 ett Bonell-fj\u00e4dersystem som ger optimalt st\u00f6d och komfort. En extra lager av memoryfoam f\u00f6rst\u00e4rker komforten ytterligare och anpassar sig efter kroppens konturer. S\u00e4ngen levereras med en toppmadrass p\u00e5 4 cm, som g\u00f6r s\u00e4ngen \u00e4nnu mjukare och f\u00f6rb\u00e4ttrar din s\u00f6mnupplevelse.<\/p>\n<p class=\"\" data-start=\"720\" data-end=\"1075\">S\u00f6mnen har ett stiligt och modernt utseende, k\u00e4nnetecknat av den rundade s\u00e4nggaveln och det extra panelen vid fot\u00e4ndan. Den rundade gaveln ger s\u00e4ngen en mjukare k\u00e4nsla och skapar en inbjudande och elegant atmosf\u00e4r i sovrummet. Denna kontinentals\u00e4ng\u00a0 passar utm\u00e4rkt i alla typer av sovrum och kombinerar funktionalitet med en sofistikerad design.<\/p>\n<p class=\"\" data-start=\"1077\" data-end=\"1291\">S\u00e4ngen \u00e4r utrustad med ett automatiskt lyftsystem som g\u00f6r det enkelt att \u00f6ppna de praktiska f\u00f6rvaringsl\u00e5dorna och f\u00f6rvara s\u00e4ngkl\u00e4der och andra saker. Perfekt f\u00f6r dig som vill spara plats och h\u00e5lla ordning i hemmet.<\/p>\n<p class=\"\" data-start=\"1077\" data-end=\"1291\"><img decoding=\"async\" src=\"https:\/\/cdn.shopify.com\/s\/files\/1\/0914\/4945\/9070\/files\/RUUM-SOMNEN-MATT.jpg?v=1743114315\" alt=\"\" \/><\/p>","protected":false},"excerpt":{"rendered":"<p>Skapa en modern sovmilj\u00f6 med s\u00e4ngmodellen S\u00f6mnen S\u00e4ngen S\u00f6mnen \u00e4r det perfekta valet f\u00f6r den som s\u00f6ker en modern design<\/p>","protected":false},"featured_media":2826,"comment_status":"open","ping_status":"closed","template":"","meta":{"_acf_changed":false},"product_brand":[],"product_cat":[72,73,74,75,77,87,84,90,88],"product_tag":[],"class_list":{"0":"post-2507","1":"product","2":"type-product","3":"status-publish","4":"has-post-thumbnail","6":"product_cat-120x200cm","7":"product_cat-140x200cm","8":"product_cat-160x200cm","9":"product_cat-180x200cm","10":"product_cat-200x200cm","11":"product_cat-alla-sangar","12":"product_cat-kontinentalsangar","13":"product_cat-products","14":"product_cat-startsida","16":"first","17":"instock","18":"shipping-taxable","19":"purchasable","20":"product-type-variable"},"acf":[],"_links":{"self":[{"href":"https:\/\/itsmyruum.com\/en\/wp-json\/wp\/v2\/product\/2507","targetHints":{"allow":["GET"]}}],"collection":[{"href":"https:\/\/itsmyruum.com\/en\/wp-json\/wp\/v2\/product"}],"about":[{"href":"https:\/\/itsmyruum.com\/en\/wp-json\/wp\/v2\/types\/product"}],"replies":[{"embeddable":true,"href":"https:\/\/itsmyruum.com\/en\/wp-json\/wp\/v2\/comments?post=2507"}],"version-history":[{"count":0,"href":"https:\/\/itsmyruum.com\/en\/wp-json\/wp\/v2\/product\/2507\/revisions"}],"wp:featuredmedia":[{"embeddable":true,"href":"https:\/\/itsmyruum.com\/en\/wp-json\/wp\/v2\/media\/2826"}],"wp:attachment":[{"href":"https:\/\/itsmyruum.com\/en\/wp-json\/wp\/v2\/media?parent=2507"}],"wp:term":[{"taxonomy":"product_brand","embeddable":true,"href":"https:\/\/itsmyruum.com\/en\/wp-json\/wp\/v2\/product_brand?post=2507"},{"taxonomy":"product_cat","embeddable":true,"href":"https:\/\/itsmyruum.com\/en\/wp-json\/wp\/v2\/product_cat?post=2507"},{"taxonomy":"product_tag","embeddable":true,"href":"https:\/\/itsmyruum.com\/en\/wp-json\/wp\/v2\/product_tag?post=2507"}],"curies":[{"name":"wp","href":"https:\/\/api.w.org\/{rel}","templated":true}]}}