{"id":2533,"date":"2025-04-01T23:16:38","date_gmt":"2025-04-01T21:16:38","guid":{"rendered":"https:\/\/itsmyruum.com\/product\/somntid\/"},"modified":"2025-11-25T01:36:30","modified_gmt":"2025-11-25T00:36:30","slug":"somntid","status":"publish","type":"product","link":"https:\/\/itsmyruum.com\/en\/product\/somntid\/","title":{"rendered":"S\u00f6mntid &#8211; S\u00e4ngram med f\u00f6rvaring"},"content":{"rendered":"<h3 class=\"\" data-start=\"129\" data-end=\"198\">V\u00e4lkommen hem till S\u00f6mntid \u2013 s\u00e4ngen f\u00f6r dig som vill somna i stil<\/h3>\n<p class=\"\" data-start=\"200\" data-end=\"602\">S\u00f6mntid \u00e4r en majest\u00e4tisk s\u00e4ng som kombinerar elegans, funktionalitet och komfort i ett och samma uttrycksfulla m\u00f6belstycke. Den h\u00f6ga s\u00e4nggaveln p\u00e5 hela 125 cm g\u00f6r ett kraftfullt intryck och skapar en k\u00e4nsla av lyx i sovrummet. De vertikala s\u00f6mmarna ger s\u00e4ngen ett modernt och harmoniskt formspr\u00e5k, samtidigt som den tjocka stoppningen i b\u00e5de gavel, sidor och fot\u00e4nde g\u00f6r s\u00e4ngen b\u00e5de stabil och bekv\u00e4m.<\/p>\n<p class=\"\" data-start=\"604\" data-end=\"890\">F\u00f6r dig som s\u00f6ker smart f\u00f6rvaring \u00e4r S\u00f6mntid ett utm\u00e4rkt val. Under liggytan d\u00f6ljer sig ett rymligt f\u00f6rvaringsutrymme \u2013 perfekt f\u00f6r extra t\u00e4cken, kuddar eller s\u00e4songsf\u00f6rvaring. De breda s\u00e4ngsidorna \u00e4r dessutom perfekta att l\u00e4gga ifr\u00e5n sig exempelvis en bok eller mobil p\u00e5 kv\u00e4llskvisten.<\/p>\n<p class=\"\" data-start=\"892\" data-end=\"1018\">S\u00f6mntid tillverkas i Europa med noggrant utvalda material f\u00f6r att garantera l\u00e5ng h\u00e5llbarhet och sk\u00f6n s\u00f6mn i m\u00e5nga \u00e5r fram\u00f6ver.<\/p>\n<p class=\"\" data-start=\"892\" data-end=\"1018\">T\u00e4nk p\u00e5 att madrass inte ing\u00e5r vid k\u00f6p av en s\u00e4ngram.<\/p>\n<p class=\"\" data-start=\"892\" data-end=\"1018\"><img decoding=\"async\" src=\"https:\/\/cdn.shopify.com\/s\/files\/1\/0914\/4945\/9070\/files\/RUUM-SOMNTID-MATT.jpg?v=1743542226\" alt=\"\" \/><\/p>","protected":false},"excerpt":{"rendered":"<p>V\u00e4lkommen hem till S\u00f6mntid \u2013 s\u00e4ngen f\u00f6r dig som vill somna i stil S\u00f6mntid \u00e4r en majest\u00e4tisk s\u00e4ng som kombinerar<\/p>","protected":false},"featured_media":2820,"comment_status":"open","ping_status":"closed","template":"","meta":{"_acf_changed":false},"product_brand":[],"product_cat":[72,73,74,75,87,90,86,88],"product_tag":[],"class_list":{"0":"post-2533","1":"product","2":"type-product","3":"status-publish","4":"has-post-thumbnail","6":"product_cat-120x200cm","7":"product_cat-140x200cm","8":"product_cat-160x200cm","9":"product_cat-180x200cm","10":"product_cat-alla-sangar","11":"product_cat-products","12":"product_cat-ramsangar","13":"product_cat-startsida","15":"first","16":"instock","17":"shipping-taxable","18":"purchasable","19":"product-type-variable"},"acf":[],"_links":{"self":[{"href":"https:\/\/itsmyruum.com\/en\/wp-json\/wp\/v2\/product\/2533","targetHints":{"allow":["GET"]}}],"collection":[{"href":"https:\/\/itsmyruum.com\/en\/wp-json\/wp\/v2\/product"}],"about":[{"href":"https:\/\/itsmyruum.com\/en\/wp-json\/wp\/v2\/types\/product"}],"replies":[{"embeddable":true,"href":"https:\/\/itsmyruum.com\/en\/wp-json\/wp\/v2\/comments?post=2533"}],"version-history":[{"count":1,"href":"https:\/\/itsmyruum.com\/en\/wp-json\/wp\/v2\/product\/2533\/revisions"}],"predecessor-version":[{"id":5891,"href":"https:\/\/itsmyruum.com\/en\/wp-json\/wp\/v2\/product\/2533\/revisions\/5891"}],"wp:featuredmedia":[{"embeddable":true,"href":"https:\/\/itsmyruum.com\/en\/wp-json\/wp\/v2\/media\/2820"}],"wp:attachment":[{"href":"https:\/\/itsmyruum.com\/en\/wp-json\/wp\/v2\/media?parent=2533"}],"wp:term":[{"taxonomy":"product_brand","embeddable":true,"href":"https:\/\/itsmyruum.com\/en\/wp-json\/wp\/v2\/product_brand?post=2533"},{"taxonomy":"product_cat","embeddable":true,"href":"https:\/\/itsmyruum.com\/en\/wp-json\/wp\/v2\/product_cat?post=2533"},{"taxonomy":"product_tag","embeddable":true,"href":"https:\/\/itsmyruum.com\/en\/wp-json\/wp\/v2\/product_tag?post=2533"}],"curies":[{"name":"wp","href":"https:\/\/api.w.org\/{rel}","templated":true}]}}