{"id":2579,"date":"2025-04-02T00:04:33","date_gmt":"2025-04-01T22:04:33","guid":{"rendered":"https:\/\/itsmyruum.com\/product\/viloverk\/"},"modified":"2025-11-25T22:07:34","modified_gmt":"2025-11-25T21:07:34","slug":"viloverk","status":"publish","type":"product","link":"https:\/\/itsmyruum.com\/en\/product\/viloverk\/","title":{"rendered":"Viloverk &#8211; S\u00e4ngram med f\u00f6rvaring"},"content":{"rendered":"<h3 class=\"\" data-start=\"138\" data-end=\"182\">Viloverk \u2013 d\u00e4r vila blir en sj\u00e4lvklarhet<\/h3>\n<p class=\"\" data-start=\"184\" data-end=\"475\"><strong data-start=\"184\" data-end=\"196\">Viloverk<\/strong>\u00a0\u00e4r ett modernt och stilrent s\u00e4ngval som sm\u00e4lter in i alla typer av sovrum \u2013 fr\u00e5n den avskalade skandinaviska till den mer uttrycksfulla och personliga. Med sin rena form och bekv\u00e4mt utformade s\u00e4nggavel kombinerar Viloverk funktion och estetik p\u00e5 ett s\u00e4tt som lyfter hela rummet.<\/p>\n<p class=\"\" data-start=\"477\" data-end=\"716\">Den l\u00e4tt vinklade gaveln ger ett sk\u00f6nt st\u00f6d f\u00f6r rygg och nacke n\u00e4r du vill luta dig tillbaka med en bok eller film innan l\u00e4ggdags. S\u00e4ngen \u00e4r kl\u00e4dd i ett mjukt tyg och gener\u00f6st stoppad med tjock skum f\u00f6r maximal komfort och en lyxig k\u00e4nsla.<\/p>\n<p class=\"\" data-start=\"718\" data-end=\"932\">Under madrassen g\u00f6mmer sig en rymlig f\u00f6rvaringsl\u00f6sning \u2013 perfekt f\u00f6r att h\u00e5lla ordning p\u00e5 extra t\u00e4cken, s\u00e4ngkl\u00e4der och annat du vill ha n\u00e4ra men inte synligt. Med sitt enkla lyftsystem n\u00e5r du enkelt det du beh\u00f6ver.<\/p>\n<p class=\"\" data-start=\"718\" data-end=\"932\">T\u00e4nk p\u00e5 att madrass inte ing\u00e5r vid k\u00f6p av en s\u00e4ngram.<\/p>\n<p class=\"\" data-start=\"718\" data-end=\"932\"><img decoding=\"async\" src=\"https:\/\/cdn.shopify.com\/s\/files\/1\/0914\/4945\/9070\/files\/RUUM-VILOVERK-MATT.jpg?v=1743545836\" alt=\"\" \/><\/p>","protected":false},"excerpt":{"rendered":"<p>Viloverk \u2013 d\u00e4r vila blir en sj\u00e4lvklarhet Viloverk\u00a0\u00e4r ett modernt och stilrent s\u00e4ngval som sm\u00e4lter in i alla typer av<\/p>","protected":false},"featured_media":2814,"comment_status":"open","ping_status":"closed","template":"","meta":{"_acf_changed":false},"product_brand":[],"product_cat":[72,73,74,75,77,87,90,86,88],"product_tag":[],"class_list":{"0":"post-2579","1":"product","2":"type-product","3":"status-publish","4":"has-post-thumbnail","6":"product_cat-120x200cm","7":"product_cat-140x200cm","8":"product_cat-160x200cm","9":"product_cat-180x200cm","10":"product_cat-200x200cm","11":"product_cat-alla-sangar","12":"product_cat-products","13":"product_cat-ramsangar","14":"product_cat-startsida","16":"first","17":"instock","18":"shipping-taxable","19":"purchasable","20":"product-type-variable"},"acf":[],"_links":{"self":[{"href":"https:\/\/itsmyruum.com\/en\/wp-json\/wp\/v2\/product\/2579","targetHints":{"allow":["GET"]}}],"collection":[{"href":"https:\/\/itsmyruum.com\/en\/wp-json\/wp\/v2\/product"}],"about":[{"href":"https:\/\/itsmyruum.com\/en\/wp-json\/wp\/v2\/types\/product"}],"replies":[{"embeddable":true,"href":"https:\/\/itsmyruum.com\/en\/wp-json\/wp\/v2\/comments?post=2579"}],"version-history":[{"count":1,"href":"https:\/\/itsmyruum.com\/en\/wp-json\/wp\/v2\/product\/2579\/revisions"}],"predecessor-version":[{"id":4840,"href":"https:\/\/itsmyruum.com\/en\/wp-json\/wp\/v2\/product\/2579\/revisions\/4840"}],"wp:featuredmedia":[{"embeddable":true,"href":"https:\/\/itsmyruum.com\/en\/wp-json\/wp\/v2\/media\/2814"}],"wp:attachment":[{"href":"https:\/\/itsmyruum.com\/en\/wp-json\/wp\/v2\/media?parent=2579"}],"wp:term":[{"taxonomy":"product_brand","embeddable":true,"href":"https:\/\/itsmyruum.com\/en\/wp-json\/wp\/v2\/product_brand?post=2579"},{"taxonomy":"product_cat","embeddable":true,"href":"https:\/\/itsmyruum.com\/en\/wp-json\/wp\/v2\/product_cat?post=2579"},{"taxonomy":"product_tag","embeddable":true,"href":"https:\/\/itsmyruum.com\/en\/wp-json\/wp\/v2\/product_tag?post=2579"}],"curies":[{"name":"wp","href":"https:\/\/api.w.org\/{rel}","templated":true}]}}