{"id":6102,"date":"2025-12-28T17:44:48","date_gmt":"2025-12-28T16:44:48","guid":{"rendered":"https:\/\/itsmyruum.com\/?post_type=product&#038;p=6102"},"modified":"2025-12-29T00:01:43","modified_gmt":"2025-12-28T23:01:43","slug":"umgas-u-soffa-med-badd-och-forvaring","status":"publish","type":"product","link":"https:\/\/itsmyruum.com\/en\/product\/umgas-u-soffa-med-badd-och-forvaring\/","title":{"rendered":"Umg\u00e5s &#8211; U-soffa med b\u00e4dd och f\u00f6rvaring"},"content":{"rendered":"<div data-elementor-type=\"product-post\" data-elementor-id=\"6102\" class=\"elementor elementor-6102\" data-elementor-post-type=\"product\">\n\t\t\t\t<div class=\"wd-negative-gap elementor-element elementor-element-1573eea1 e-flex e-con-boxed e-con e-parent\" data-id=\"1573eea1\" data-element_type=\"container\" data-e-type=\"container\">\n\t\t\t\t\t<div class=\"e-con-inner\">\n\t\t\t\t<div class=\"elementor-element elementor-element-2be6e1af color-scheme-inherit text-left elementor-widget elementor-widget-text-editor\" data-id=\"2be6e1af\" data-element_type=\"widget\" data-e-type=\"widget\" data-widget_type=\"text-editor.default\">\n\t\t\t\t\t\t\t\t\t<h3 data-start=\"170\" data-end=\"229\">Umg\u00e5s \u2013 En U-formad b\u00e4ddsoffa med f\u00f6rvaring i boucl\u00e9tyg<\/h3><p data-start=\"231\" data-end=\"264\">Mjukt, genomt\u00e4nkt och inbjudande.<\/p><p data-start=\"266\" data-end=\"539\">Umg\u00e5s \u00e4r en stilren <strong data-start=\"286\" data-end=\"308\">U-formad b\u00e4ddsoffa<\/strong>, kl\u00e4dd i trendigt boucl\u00e9tyg och skapad f\u00f6r att samla m\u00e4nniskor och g\u00f6ra vardagen enklare. Den gener\u00f6sa U-formen skapar en naturlig plats f\u00f6r umg\u00e4nge, vila och avkoppling \u2013 perfekt f\u00f6r l\u00e5nga kv\u00e4llar, familjeliv och sociala stunder.<\/p><p data-start=\"541\" data-end=\"802\">De mjuka formerna och de fylliga kuddarna ger h\u00f6g komfort b\u00e5de i sitt- och vilol\u00e4ge. N\u00e4r kv\u00e4llen kommer f\u00e4lls Umg\u00e5s enkelt ut till en rymlig b\u00e4dd med en sovyta p\u00e5 <strong data-start=\"704\" data-end=\"720\">137 \u00d7 316 cm<\/strong>, vilket g\u00f6r den utm\u00e4rkt \u00e4ven f\u00f6r flera g\u00e4ster eller extra bekv\u00e4ma \u00f6vernattningar.<\/p><p data-start=\"804\" data-end=\"956\">Under sitsen finns en smart, dold f\u00f6rvaring d\u00e4r du enkelt kan f\u00f6rvara s\u00e4ngkl\u00e4der, filtar eller kuddar \u2013 en praktisk l\u00f6sning f\u00f6r ett mer organiserat hem.<\/p><p data-start=\"958\" data-end=\"1011\"><strong data-start=\"958\" data-end=\"1011\">Detaljer som g\u00f6r Umg\u00e5s till mer \u00e4n bara en soffa:<\/strong><\/p><ul data-start=\"1012\" data-end=\"1167\"><li data-start=\"1012\" data-end=\"1049\"><p data-start=\"1014\" data-end=\"1049\">Inkluderar mjuka, gener\u00f6sa kuddar<\/p><\/li><li data-start=\"1050\" data-end=\"1085\"><p data-start=\"1052\" data-end=\"1085\">Praktisk f\u00f6rvaring under sitsen<\/p><\/li><li data-start=\"1086\" data-end=\"1127\"><p data-start=\"1088\" data-end=\"1127\">Kl\u00e4dd i mjukt, strukturerat boucl\u00e9tyg<\/p><\/li><li data-start=\"1128\" data-end=\"1167\"><p data-start=\"1130\" data-end=\"1167\">Stabil konstruktion med h\u00f6g komfort<\/p><\/li><\/ul><p data-start=\"1169\" data-end=\"1192\"><strong data-start=\"1169\" data-end=\"1192\">M\u00e5tt &amp; information:<\/strong><\/p><ul data-start=\"1193\" data-end=\"1369\"><li data-start=\"1193\" data-end=\"1209\"><p data-start=\"1195\" data-end=\"1209\">Djup: 177 cm<\/p><\/li><li data-start=\"1210\" data-end=\"1225\"><p data-start=\"1212\" data-end=\"1225\">H\u00f6jd: 94 cm<\/p><\/li><li data-start=\"1226\" data-end=\"1243\"><p data-start=\"1228\" data-end=\"1243\">Bredd: 374 cm<\/p><\/li><li data-start=\"1244\" data-end=\"1265\"><p data-start=\"1246\" data-end=\"1265\">Sittbredd: 316 cm<\/p><\/li><li data-start=\"1266\" data-end=\"1285\"><p data-start=\"1268\" data-end=\"1285\">Sitth\u00f6jd: 41 cm<\/p><\/li><li data-start=\"1286\" data-end=\"1310\"><p data-start=\"1288\" data-end=\"1310\">Sovyta: 137 \u00d7 316 cm<\/p><\/li><li data-start=\"1311\" data-end=\"1346\"><p data-start=\"1313\" data-end=\"1346\">F\u00f6rvaringsyta: 128 \u00d7 68 \u00d7 24 cm<\/p><\/li><li data-start=\"1347\" data-end=\"1369\"><p data-start=\"1349\" data-end=\"1369\">Otomanbredd: 92 cm<\/p><\/li><\/ul><p data-start=\"1371\" data-end=\"1577\">Umg\u00e5s \u00e4r ett sj\u00e4lvklart val f\u00f6r st\u00f6rre vardagsrum d\u00e4r komfort och funktion st\u00e5r i fokus.<br data-start=\"1459\" data-end=\"1462\" \/>En U-soffa designad f\u00f6r att anv\u00e4ndas, delas och uppskattas \u2013 utan att kompromissa med vare sig stil eller funktion.<\/p><p data-start=\"1371\" data-end=\"1577\"><img loading=\"lazy\" decoding=\"async\" class=\"alignnone size-full wp-image-6131\" src=\"https:\/\/itsmyruum.com\/wp-content\/uploads\/2025\/12\/RUUM-UMGAS-U-SOFFA-BADD-OCH-FORVARING-Quelle-3-MATT.jpg\" alt=\"\" width=\"2048\" height=\"959\" srcset=\"https:\/\/itsmyruum.com\/wp-content\/uploads\/2025\/12\/RUUM-UMGAS-U-SOFFA-BADD-OCH-FORVARING-Quelle-3-MATT.jpg 2048w, https:\/\/itsmyruum.com\/wp-content\/uploads\/2025\/12\/RUUM-UMGAS-U-SOFFA-BADD-OCH-FORVARING-Quelle-3-MATT-300x140.jpg 300w, https:\/\/itsmyruum.com\/wp-content\/uploads\/2025\/12\/RUUM-UMGAS-U-SOFFA-BADD-OCH-FORVARING-Quelle-3-MATT-768x360.jpg 768w, https:\/\/itsmyruum.com\/wp-content\/uploads\/2025\/12\/RUUM-UMGAS-U-SOFFA-BADD-OCH-FORVARING-Quelle-3-MATT-1536x719.jpg 1536w, https:\/\/itsmyruum.com\/wp-content\/uploads\/2025\/12\/RUUM-UMGAS-U-SOFFA-BADD-OCH-FORVARING-Quelle-3-MATT-18x8.jpg 18w, https:\/\/itsmyruum.com\/wp-content\/uploads\/2025\/12\/RUUM-UMGAS-U-SOFFA-BADD-OCH-FORVARING-Quelle-3-MATT-1200x562.jpg 1200w, https:\/\/itsmyruum.com\/wp-content\/uploads\/2025\/12\/RUUM-UMGAS-U-SOFFA-BADD-OCH-FORVARING-Quelle-3-MATT-150x70.jpg 150w\" sizes=\"auto, (max-width: 2048px) 100vw, 2048px\" \/><\/p>\t\t\t\t\t\t\t\t<\/div>\n\t\t\t\t\t<\/div>\n\t\t\t\t<\/div>\n\t\t\t\t<\/div>","protected":false},"excerpt":{"rendered":"<p>Umg\u00e5s \u2013 En U-formad b\u00e4ddsoffa med f\u00f6rvaring i boucl\u00e9tyg Mjukt, genomt\u00e4nkt och inbjudande. Umg\u00e5s \u00e4r en stilren U-formad b\u00e4ddsoffa, kl\u00e4dd<\/p>","protected":false},"featured_media":6114,"comment_status":"open","ping_status":"closed","template":"","meta":{"_acf_changed":false},"product_brand":[],"product_cat":[79,70,69,90,88,89],"product_tag":[],"class_list":{"0":"post-6102","1":"product","2":"type-product","3":"status-publish","4":"has-post-thumbnail","6":"product_cat-4-sits-soffor","7":"product_cat-alla-soffor","8":"product_cat-baddsoffor","9":"product_cat-products","10":"product_cat-startsida","11":"product_cat-storre-soffor","13":"first","14":"instock","15":"shipping-taxable","16":"purchasable","17":"product-type-variable"},"acf":[],"_links":{"self":[{"href":"https:\/\/itsmyruum.com\/en\/wp-json\/wp\/v2\/product\/6102","targetHints":{"allow":["GET"]}}],"collection":[{"href":"https:\/\/itsmyruum.com\/en\/wp-json\/wp\/v2\/product"}],"about":[{"href":"https:\/\/itsmyruum.com\/en\/wp-json\/wp\/v2\/types\/product"}],"replies":[{"embeddable":true,"href":"https:\/\/itsmyruum.com\/en\/wp-json\/wp\/v2\/comments?post=6102"}],"version-history":[{"count":4,"href":"https:\/\/itsmyruum.com\/en\/wp-json\/wp\/v2\/product\/6102\/revisions"}],"predecessor-version":[{"id":6134,"href":"https:\/\/itsmyruum.com\/en\/wp-json\/wp\/v2\/product\/6102\/revisions\/6134"}],"wp:featuredmedia":[{"embeddable":true,"href":"https:\/\/itsmyruum.com\/en\/wp-json\/wp\/v2\/media\/6114"}],"wp:attachment":[{"href":"https:\/\/itsmyruum.com\/en\/wp-json\/wp\/v2\/media?parent=6102"}],"wp:term":[{"taxonomy":"product_brand","embeddable":true,"href":"https:\/\/itsmyruum.com\/en\/wp-json\/wp\/v2\/product_brand?post=6102"},{"taxonomy":"product_cat","embeddable":true,"href":"https:\/\/itsmyruum.com\/en\/wp-json\/wp\/v2\/product_cat?post=6102"},{"taxonomy":"product_tag","embeddable":true,"href":"https:\/\/itsmyruum.com\/en\/wp-json\/wp\/v2\/product_tag?post=6102"}],"curies":[{"name":"wp","href":"https:\/\/api.w.org\/{rel}","templated":true}]}}